{"id":36,"date":"2024-11-07T18:29:25","date_gmt":"2024-11-07T18:29:25","guid":{"rendered":"https:\/\/eqtas-e.xyz\/?page_id=36"},"modified":"2024-11-07T18:29:26","modified_gmt":"2024-11-07T18:29:26","slug":"nos-missions","status":"publish","type":"page","link":"https:\/\/eqtas-e.xyz\/index.php\/nos-missions\/","title":{"rendered":"Nos Missions"},"content":{"rendered":"\n<h3 class=\"wp-block-heading\">Introduction<\/h3>\n\n\n\n<p>Chez <strong>EQTAS.E<\/strong>, nous avons une mission primordiale : contribuer \u00e0 l\u2019am\u00e9lioration de la sant\u00e9 des individus en adoptant une approche globale qui englobe non seulement la sant\u00e9 physique, mais aussi le bien-\u00eatre mental, social, et \u00e9motionnel. Notre engagement repose sur la conviction que la sant\u00e9 est un droit fondamental, et qu&#8217;il est essentiel de fournir \u00e0 chaque individu les ressources n\u00e9cessaires pour maintenir et am\u00e9liorer sa qualit\u00e9 de vie.<\/p>\n\n\n\n<p>Notre association \u0153uvre chaque jour pour pr\u00e9venir les maladies, promouvoir des comportements sains et soutenir les personnes confront\u00e9es \u00e0 des d\u00e9fis de sant\u00e9. Nous intervenons aupr\u00e8s des b\u00e9n\u00e9ficiaires, des familles, des professionnels de sant\u00e9 et des institutions pour garantir un acc\u00e8s \u00e9quitable \u00e0 l\u2019information et aux services de sant\u00e9. \u00c0 travers nos actions, nous entendons jouer un r\u00f4le moteur dans la cr\u00e9ation d&#8217;une soci\u00e9t\u00e9 plus saine et plus solidaire.<\/p>\n\n\n\n<h3 class=\"wp-block-heading\">Mission 1 : Pr\u00e9vention des Maladies et Promotion de la Sant\u00e9<\/h3>\n\n\n\n<p>L\u2019un des aspects les plus importants de notre mission est la pr\u00e9vention des maladies. Nous sommes convaincus que pr\u00e9venir vaut mieux que gu\u00e9rir. Pour cela, nous mettons en place des actions concr\u00e8tes afin de sensibiliser le public aux comportements de sant\u00e9 favorisant un vieillissement en bonne sant\u00e9 et la pr\u00e9vention de pathologies chroniques.<\/p>\n\n\n\n<p><strong>Nos actions de pr\u00e9vention<\/strong> :<br>Nous organisons des ateliers, des campagnes d&#8217;information et des \u00e9v\u00e9nements de sensibilisation autour de divers th\u00e8mes essentiels \u00e0 la sant\u00e9 publique. Nous abordons des sujets aussi vari\u00e9s que l\u2019alimentation saine, la gestion du stress, la pratique r\u00e9guli\u00e8re d\u2019une activit\u00e9 physique, la sant\u00e9 mentale, l\u2019hygi\u00e8ne de vie, et la pr\u00e9vention des maladies chroniques comme le diab\u00e8te, les maladies cardiaques ou les cancers.<\/p>\n\n\n\n<p>Nous croyons que la prise de conscience pr\u00e9coce des comportements \u00e0 risque et l&#8217;adoption de modes de vie plus sains peuvent avoir un impact significatif sur la sant\u00e9 individuelle et collective. En \u00e9duquant les individus d\u00e8s leur plus jeune \u00e2ge, en les accompagnant tout au long de leur vie, nous contribuons \u00e0 l\u2019\u00e9mergence d\u2019une soci\u00e9t\u00e9 plus saine et plus \u00e9quilibr\u00e9e.<\/p>\n\n\n\n<h3 class=\"wp-block-heading\">Mission 2 : Accompagnement Personnalis\u00e9 des B\u00e9n\u00e9ficiaires et des Familles<\/h3>\n\n\n\n<p>Chez <strong>EQTAS.E<\/strong>, nous savons que chaque situation est unique. C\u2019est pourquoi nous proposons un accompagnement personnalis\u00e9 qui prend en compte les sp\u00e9cificit\u00e9s de chaque b\u00e9n\u00e9ficiaire, ses besoins et son contexte de vie. Nous intervenons de mani\u00e8re individuelle pour offrir un soutien pratique et \u00e9motionnel, aider \u00e0 la gestion de pathologies chroniques, et promouvoir une meilleure gestion du quotidien.<\/p>\n\n\n\n<p><strong>Nos services d\u2019accompagnement<\/strong> :<br>Nous proposons des consultations individuelles avec des professionnels qualifi\u00e9s qui \u00e9coutent les pr\u00e9occupations des b\u00e9n\u00e9ficiaires, les aident \u00e0 comprendre leur \u00e9tat de sant\u00e9, et les guident vers les bonnes pratiques. Cet accompagnement s&#8217;\u00e9tend \u00e9galement aux familles, qui jouent un r\u00f4le essentiel dans la prise en charge des proches malades. Nous les soutenons dans la gestion des soins, les aidons \u00e0 trouver des solutions adapt\u00e9es et les orientons vers des ressources de soutien suppl\u00e9mentaires.<\/p>\n\n\n\n<p>Nos \u00e9quipes sont form\u00e9es pour aider les familles \u00e0 comprendre les enjeux de la sant\u00e9 et \u00e0 g\u00e9rer le stress associ\u00e9 \u00e0 la prise en charge d\u2019un membre malade ou vuln\u00e9rable. Que ce soit pour des questions li\u00e9es \u00e0 une maladie chronique, un handicap ou des besoins de sant\u00e9 mentale, notre objectif est d\u2019offrir un soutien complet et empathique.<\/p>\n\n\n\n<h3 class=\"wp-block-heading\">Mission 3 : Sensibilisation et \u00c9ducation \u00e0 la Sant\u00e9<\/h3>\n\n\n\n<p>La sensibilisation et l\u2019\u00e9ducation \u00e0 la sant\u00e9 sont des \u00e9l\u00e9ments cl\u00e9s dans notre d\u00e9marche. Nous croyons que l\u2019\u00e9ducation est un levier puissant pour changer les comportements et am\u00e9liorer la sant\u00e9 de la population. C\u2019est pourquoi nous mettons en place des programmes d\u2019\u00e9ducation destin\u00e9s aux b\u00e9n\u00e9ficiaires, mais aussi aux professionnels de sant\u00e9 et aux membres de la communaut\u00e9.<\/p>\n\n\n\n<p><strong>Nos programmes \u00e9ducatifs<\/strong> :<br>Nous proposons des formations, des ateliers, des conf\u00e9rences et des s\u00e9minaires pour sensibiliser les individus aux enjeux de la sant\u00e9 publique. Ces programmes portent sur des sujets vari\u00e9s comme la pr\u00e9vention des maladies, l\u2019importance de l\u2019hygi\u00e8ne alimentaire, la gestion du stress, ou encore les bienfaits de l\u2019activit\u00e9 physique sur la sant\u00e9.<\/p>\n\n\n\n<p>Notre approche \u00e9ducative est interactive et pratique, visant \u00e0 impliquer les participants et \u00e0 les aider \u00e0 adopter des comportements sains dans leur vie quotidienne. Nous utilisons des supports visuels, des d\u00e9monstrations et des \u00e9changes pour rendre l\u2019apprentissage plus concret et accessible \u00e0 tous.<\/p>\n\n\n\n<h3 class=\"wp-block-heading\">Mission 4 : Soutien aux Professionnels de Sant\u00e9 et Aux Travailleurs Sociaux<\/h3>\n\n\n\n<p>Nous reconnaissons l\u2019importance des professionnels de sant\u00e9 et des travailleurs sociaux dans la gestion de la sant\u00e9 de la population. Leur r\u00f4le est essentiel, et il est primordial qu\u2019ils disposent des ressources n\u00e9cessaires pour accompagner au mieux leurs patients ou b\u00e9n\u00e9ficiaires. C\u2019est dans cet esprit que nous proposons des actions de soutien et de formation pour ces acteurs cl\u00e9s du secteur.<\/p>\n\n\n\n<p><strong>Nos services aux professionnels<\/strong> :<br>Nous organisons des sessions de formation et de mise \u00e0 jour des connaissances pour les professionnels de sant\u00e9, afin de les aider \u00e0 mieux comprendre les enjeux actuels en mati\u00e8re de pr\u00e9vention et de gestion des maladies chroniques. Ces formations sont con\u00e7ues pour \u00eatre pratiques, bas\u00e9es sur des \u00e9tudes de cas r\u00e9els et adapt\u00e9es aux besoins sp\u00e9cifiques de chaque professionnel.<\/p>\n\n\n\n<p>Nous proposons \u00e9galement des ressources et des outils pour faciliter le travail des travailleurs sociaux, en les soutenant dans leur r\u00f4le aupr\u00e8s des familles et des individus vuln\u00e9rables. L&#8217;objectif est d&#8217;am\u00e9liorer la collaboration entre les diff\u00e9rents acteurs du secteur afin d\u2019offrir une prise en charge compl\u00e8te et coh\u00e9rente.<\/p>\n\n\n\n<h3 class=\"wp-block-heading\">Mission 5 : D\u00e9fense des Droits des Familles et Promotion de la Recherche<\/h3>\n\n\n\n<p>L\u2019une de nos missions importantes est de d\u00e9fendre les droits des familles et des individus en mati\u00e8re de sant\u00e9. Nous nous engageons \u00e0 sensibiliser les pouvoirs publics aux besoins des populations vuln\u00e9rables et \u00e0 militer pour des politiques de sant\u00e9 qui r\u00e9pondent aux d\u00e9fis actuels.<\/p>\n\n\n\n<p><strong>Nos actions de plaidoyer<\/strong> :<br>Nous intervenons aupr\u00e8s des institutions publiques pour plaider en faveur de meilleures conditions de sant\u00e9 pour les familles, les personnes \u00e2g\u00e9es, les personnes handicap\u00e9es, et toutes celles confront\u00e9es \u00e0 des probl\u00e9matiques de sant\u00e9 sp\u00e9cifiques. Nous agissons \u00e9galement pour une meilleure reconnaissance des besoins des familles qui s\u2019occupent d\u2019un membre malade ou handicap\u00e9, en exigeant un meilleur soutien social et m\u00e9dical.<\/p>\n\n\n\n<p>Parall\u00e8lement, nous soutenons la recherche en mati\u00e8re de sant\u00e9. Nous collaborons avec des chercheurs et des instituts de recherche pour promouvoir les avanc\u00e9es scientifiques et encourager le d\u00e9veloppement de nouvelles approches th\u00e9rapeutiques. Nous croyons fermement que la recherche est un pilier pour am\u00e9liorer la prise en charge des maladies et favoriser la d\u00e9couverte de solutions innovantes.<\/p>\n\n\n\n<h3 class=\"wp-block-heading\">Mission 6 : Agir pour une Sant\u00e9 Accessible \u00e0 Tous<\/h3>\n\n\n\n<p>L\u2019accessibilit\u00e9 \u00e0 la sant\u00e9 est une de nos priorit\u00e9s. Nous souhaitons que chaque individu, quel que soit son statut social, son \u00e2ge ou son lieu de vie, puisse acc\u00e9der \u00e0 des soins de qualit\u00e9. Pour cela, nous travaillons activement pour r\u00e9duire les in\u00e9galit\u00e9s sociales de sant\u00e9 et faire en sorte que les soins soient accessibles \u00e0 tous.<\/p>\n\n\n\n<p><strong>Nos initiatives pour l\u2019acc\u00e8s aux soins<\/strong> :<br>Nous organisons des actions de pr\u00e9vention et de sensibilisation dans les zones g\u00e9ographiques d\u00e9favoris\u00e9es, afin d\u2019atteindre les populations les plus vuln\u00e9rables. Nous \u0153uvrons \u00e9galement \u00e0 lever les barri\u00e8res financi\u00e8res qui peuvent emp\u00eacher certains d\u2019acc\u00e9der \u00e0 des soins n\u00e9cessaires. Nos partenariats avec des professionnels de sant\u00e9 et des institutions publiques nous permettent de fournir des services adapt\u00e9s aux besoins des populations en difficult\u00e9.<\/p>\n\n\n\n<h3 class=\"wp-block-heading\">Conclusion<\/h3>\n\n\n\n<p>La mission de <strong>EQTAS.E<\/strong> est vaste et ambitieuse, mais chaque action que nous menons nous rapproche de notre objectif : am\u00e9liorer la sant\u00e9 et le bien-\u00eatre des individus et des familles. Nous sommes convaincus que la sant\u00e9 est un droit fondamental, et nous mettons tout en \u0153uvre pour offrir \u00e0 chacun les outils n\u00e9cessaires pour pr\u00e9server et am\u00e9liorer sa qualit\u00e9 de vie.<\/p>\n\n\n\n<p>Notre engagement est celui d\u2019un accompagnement personnalis\u00e9, d\u2019une approche globale de la sant\u00e9 et d\u2019une mobilisation collective pour un avenir plus sain et plus solidaire. Nous vous invitons \u00e0 rejoindre notre cause, \u00e0 participer \u00e0 nos actions et \u00e0 \u0153uvrer avec nous pour un monde o\u00f9 la sant\u00e9 est accessible \u00e0 tous.<\/p>\n","protected":false},"excerpt":{"rendered":"<p>Introduction Chez EQTAS.E, nous avons une mission primordiale : contribuer \u00e0 l\u2019am\u00e9lioration de la sant\u00e9 des individus en adoptant une approche globale qui englobe non seulement la sant\u00e9 physique, mais aussi le bien-\u00eatre mental, social, et \u00e9motionnel. Notre engagement repose sur la conviction que la sant\u00e9 est un droit fondamental, et qu&#8217;il est essentiel de [&hellip;]<\/p>\n","protected":false},"author":1,"featured_media":0,"parent":0,"menu_order":0,"comment_status":"closed","ping_status":"closed","template":"","meta":{"saved_in_kubio":false,"footnotes":""},"class_list":["post-36","page","type-page","status-publish","hentry"],"kubio_ai_page_context":{"short_desc":"","purpose":"general"},"_links":{"self":[{"href":"https:\/\/eqtas-e.xyz\/index.php\/wp-json\/wp\/v2\/pages\/36","targetHints":{"allow":["GET"]}}],"collection":[{"href":"https:\/\/eqtas-e.xyz\/index.php\/wp-json\/wp\/v2\/pages"}],"about":[{"href":"https:\/\/eqtas-e.xyz\/index.php\/wp-json\/wp\/v2\/types\/page"}],"author":[{"embeddable":true,"href":"https:\/\/eqtas-e.xyz\/index.php\/wp-json\/wp\/v2\/users\/1"}],"replies":[{"embeddable":true,"href":"https:\/\/eqtas-e.xyz\/index.php\/wp-json\/wp\/v2\/comments?post=36"}],"version-history":[{"count":1,"href":"https:\/\/eqtas-e.xyz\/index.php\/wp-json\/wp\/v2\/pages\/36\/revisions"}],"predecessor-version":[{"id":43,"href":"https:\/\/eqtas-e.xyz\/index.php\/wp-json\/wp\/v2\/pages\/36\/revisions\/43"}],"wp:attachment":[{"href":"https:\/\/eqtas-e.xyz\/index.php\/wp-json\/wp\/v2\/media?parent=36"}],"curies":[{"name":"wp","href":"https:\/\/api.w.org\/{rel}","templated":true}]}}