{"id":37,"date":"2024-11-07T18:29:39","date_gmt":"2024-11-07T18:29:39","guid":{"rendered":"https:\/\/eqtas-e.xyz\/?page_id=37"},"modified":"2024-11-07T18:29:40","modified_gmt":"2024-11-07T18:29:40","slug":"notre-vision","status":"publish","type":"page","link":"https:\/\/eqtas-e.xyz\/index.php\/notre-vision\/","title":{"rendered":"Notre Vision"},"content":{"rendered":"\n<h3 class=\"wp-block-heading\">Introduction<\/h3>\n\n\n\n<p>Chez <strong>EQTAS.E<\/strong>, nous croyons que la sant\u00e9 ne se limite pas simplement \u00e0 l&#8217;absence de maladie, mais qu&#8217;elle englobe le bien-\u00eatre physique, mental, social et \u00e9motionnel. Notre vision repose sur une approche int\u00e9gr\u00e9e de la sant\u00e9, qui consid\u00e8re chaque individu dans son environnement global et dans son parcours de vie. Nous aspirons \u00e0 un monde o\u00f9 chaque personne, ind\u00e9pendamment de son \u00e2ge, de son statut social ou de ses circonstances, b\u00e9n\u00e9ficie d&#8217;un acc\u00e8s \u00e9quitable \u00e0 la sant\u00e9, \u00e0 l&#8217;information et aux ressources n\u00e9cessaires pour mener une vie \u00e9panouie.<\/p>\n\n\n\n<p>Nous imaginons un avenir o\u00f9 la sant\u00e9 est per\u00e7ue comme un droit fondamental et o\u00f9 les barri\u00e8res li\u00e9es \u00e0 l&#8217;acc\u00e8s aux soins, \u00e0 l&#8217;\u00e9ducation \u00e0 la sant\u00e9, et aux opportunit\u00e9s de bien-\u00eatre sont progressivement \u00e9limin\u00e9es. \u00c0 travers cette vision, nous visons \u00e0 transformer la mani\u00e8re dont la soci\u00e9t\u00e9 per\u00e7oit et g\u00e8re la sant\u00e9, en favorisant des actions de pr\u00e9vention, de soutien et de sensibilisation qui engagent tous les acteurs de la soci\u00e9t\u00e9, des individus aux institutions publiques et priv\u00e9es.<\/p>\n\n\n\n<h3 class=\"wp-block-heading\">Une approche holistique de la sant\u00e9<\/h3>\n\n\n\n<p>Notre vision de la sant\u00e9 d\u00e9passe le cadre m\u00e9dical traditionnel pour int\u00e9grer une approche plus globale et holistique. En effet, la sant\u00e9 est influenc\u00e9e par de nombreux facteurs, notamment les habitudes de vie, l&#8217;environnement familial, social et professionnel, ainsi que l\u2019acc\u00e8s \u00e0 des ressources \u00e9ducatives et sanitaires adapt\u00e9es.<\/p>\n\n\n\n<p>Nous consid\u00e9rons que chaque personne est un individu unique, avec des besoins et des d\u00e9fis sp\u00e9cifiques. C\u2019est pourquoi notre approche se veut personnalis\u00e9e, centr\u00e9e sur l\u2019humain et int\u00e9grant tous les aspects de la vie quotidienne. Nous croyons fermement qu\u2019une personne en bonne sant\u00e9 ne se r\u00e9sume pas seulement \u00e0 une absence de maladie, mais \u00e0 un \u00e9quilibre entre son corps, son esprit et son environnement.<\/p>\n\n\n\n<h3 class=\"wp-block-heading\">Promouvoir l\u2019\u00e9galit\u00e9 d\u2019acc\u00e8s \u00e0 la sant\u00e9<\/h3>\n\n\n\n<p>L\u2019une des pierres angulaires de notre vision est de lutter contre les in\u00e9galit\u00e9s d\u2019acc\u00e8s \u00e0 la sant\u00e9. Nous sommes conscients que, dans de nombreuses r\u00e9gions du monde et au sein m\u00eame des soci\u00e9t\u00e9s les plus d\u00e9velopp\u00e9es, l\u2019acc\u00e8s aux soins reste un d\u00e9fi majeur. Qu&#8217;il s&#8217;agisse d&#8217;obstacles financiers, g\u00e9ographiques ou sociaux, de nombreuses personnes sont exclues du syst\u00e8me de sant\u00e9 traditionnel.<\/p>\n\n\n\n<p><strong>EQTAS.E<\/strong> se donne pour objectif de r\u00e9duire ces in\u00e9galit\u00e9s en \u0153uvrant pour une meilleure r\u00e9partition des ressources et des services de sant\u00e9. Nous pensons qu\u2019un changement profond dans l\u2019acc\u00e8s aux soins passe par la sensibilisation, l\u2019\u00e9ducation et la mise en place de solutions innovantes adapt\u00e9es aux contextes locaux. Cela implique \u00e9galement un plaidoyer actif aupr\u00e8s des d\u00e9cideurs publics pour la mise en place de politiques de sant\u00e9 plus inclusives.<\/p>\n\n\n\n<h3 class=\"wp-block-heading\">Une soci\u00e9t\u00e9 plus pr\u00e9venante et proactive<\/h3>\n\n\n\n<p>Dans un monde id\u00e9al, la sant\u00e9 ne serait pas simplement g\u00e9r\u00e9e apr\u00e8s la survenue de maladies, mais avant. La pr\u00e9vention et la promotion de la sant\u00e9 devraient \u00eatre au c\u0153ur de la gestion des syst\u00e8mes de sant\u00e9 et de la politique publique. Nous voulons faire de la pr\u00e9vention la priorit\u00e9, car pr\u00e9venir une maladie avant qu\u2019elle ne survienne est non seulement plus efficace, mais aussi plus rentable \u00e0 long terme.<\/p>\n\n\n\n<p>Nous imaginons un avenir o\u00f9 chaque individu serait non seulement inform\u00e9 des enjeux de la sant\u00e9, mais \u00e9galement responsabilis\u00e9 pour prendre en charge son propre bien-\u00eatre. Cela passe par des actions concr\u00e8tes telles que des campagnes de sensibilisation \u00e0 l\u2019importance de l\u2019alimentation \u00e9quilibr\u00e9e, de l\u2019exercice physique, de la gestion du stress et des comportements favorisant la sant\u00e9 mentale.<\/p>\n\n\n\n<h3 class=\"wp-block-heading\">Favoriser l\u2019\u00e9ducation \u00e0 la sant\u00e9 et la sensibilisation<\/h3>\n\n\n\n<p>Notre vision repose \u00e9galement sur un engagement fort en mati\u00e8re d\u2019\u00e9ducation et de sensibilisation. Une personne inform\u00e9e est une personne qui peut prendre des d\u00e9cisions \u00e9clair\u00e9es pour sa sant\u00e9. C&#8217;est pourquoi nous consid\u00e9rons l\u2019\u00e9ducation \u00e0 la sant\u00e9 comme un levier essentiel pour am\u00e9liorer le bien-\u00eatre des individus et des communaut\u00e9s.<\/p>\n\n\n\n<p><strong>EQTAS.E<\/strong> souhaite instaurer une v\u00e9ritable culture de la sant\u00e9 au sein de la soci\u00e9t\u00e9. Cela inclut la diffusion d&#8217;informations fiables et accessibles sur les bonnes pratiques en mati\u00e8re de sant\u00e9 et d\u2019hygi\u00e8ne de vie. Nous \u0153uvrons \u00e9galement pour que les plus jeunes soient sensibilis\u00e9s d\u00e8s leur plus jeune \u00e2ge \u00e0 l\u2019importance de prendre soin de leur corps et de leur esprit.<\/p>\n\n\n\n<h3 class=\"wp-block-heading\">La sant\u00e9 mentale au c\u0153ur de notre action<\/h3>\n\n\n\n<p>La sant\u00e9 mentale est une dimension fondamentale de la sant\u00e9 globale, souvent n\u00e9glig\u00e9e ou sous-estim\u00e9e dans de nombreuses soci\u00e9t\u00e9s. Cependant, nous savons que les troubles mentaux ont un impact majeur sur la qualit\u00e9 de vie, l\u2019\u00e9panouissement personnel et les relations sociales des individus. De plus, ils peuvent entra\u00eener des cons\u00e9quences \u00e0 long terme sur la sant\u00e9 physique.<\/p>\n\n\n\n<p>Nous avons pour vision d\u2019inclure la sant\u00e9 mentale dans toutes nos actions, en menant des campagnes de sensibilisation pour briser les tabous, mais aussi en offrant des ressources et un accompagnement aux personnes souffrant de troubles mentaux. Notre objectif est de favoriser un environnement o\u00f9 chacun puisse se sentir \u00e9cout\u00e9, soutenu et compris, tout en ayant acc\u00e8s \u00e0 des services de qualit\u00e9 pour traiter les probl\u00e8mes de sant\u00e9 mentale.<\/p>\n\n\n\n<h3 class=\"wp-block-heading\">L\u2019autonomisation des familles et des professionnels<\/h3>\n\n\n\n<p>Une autre dimension essentielle de notre vision est l\u2019autonomisation des familles et des professionnels. Nous croyons que la meilleure mani\u00e8re d\u2019am\u00e9liorer la sant\u00e9 d\u2019un individu est de donner \u00e0 sa famille les outils n\u00e9cessaires pour le soutenir de mani\u00e8re efficace. Dans ce cadre, nous proposons des formations, des ressources d\u2019information, ainsi que des services de soutien pour les familles qui jouent un r\u00f4le central dans la gestion de la sant\u00e9 de leurs proches.<\/p>\n\n\n\n<p>De m\u00eame, nous souhaitons renforcer les comp\u00e9tences des professionnels de sant\u00e9, des travailleurs sociaux et de tous les intervenants qui \u0153uvrent dans le secteur de la sant\u00e9. Nous savons que la collaboration interprofessionnelle est essentielle pour offrir des soins coh\u00e9rents et adapt\u00e9s aux besoins des patients.<\/p>\n\n\n\n<h3 class=\"wp-block-heading\">Un mod\u00e8le de sant\u00e9 durable et innovant<\/h3>\n\n\n\n<p>Dans un monde en constante \u00e9volution, notre vision de la sant\u00e9 s\u2019inscrit \u00e9galement dans une d\u00e9marche d\u2019innovation et de durabilit\u00e9. Nous sommes convaincus que la sant\u00e9 du futur devra r\u00e9pondre aux d\u00e9fis pos\u00e9s par la technologie, l&#8217;environnement et les changements d\u00e9mographiques. Cela implique une r\u00e9flexion sur de nouveaux mod\u00e8les de soins, plus accessibles, plus adapt\u00e9s et plus durables.<\/p>\n\n\n\n<p>Nous soutenons la recherche et l\u2019innovation en mati\u00e8re de soins de sant\u00e9, notamment dans le domaine des technologies m\u00e9dicales, de la t\u00e9l\u00e9m\u00e9decine et des th\u00e9rapies alternatives. Nous croyons \u00e9galement en la n\u00e9cessit\u00e9 de respecter l\u2019environnement dans toutes nos actions, en adoptant des pratiques durables et responsables dans la gestion des ressources li\u00e9es \u00e0 la sant\u00e9.<\/p>\n\n\n\n<h3 class=\"wp-block-heading\">Conclusion<\/h3>\n\n\n\n<p>La vision de <strong>EQTAS.E<\/strong> est ambitieuse et profond\u00e9ment ancr\u00e9e dans l\u2019id\u00e9e d\u2019un monde plus \u00e9quitable et plus sain. Nous aspirons \u00e0 une soci\u00e9t\u00e9 o\u00f9 chacun a la possibilit\u00e9 de vivre pleinement, avec acc\u00e8s \u00e0 des soins, \u00e0 une information de qualit\u00e9 et \u00e0 un environnement favorable \u00e0 son bien-\u00eatre. Notre vision de la sant\u00e9 se veut int\u00e9grative, pr\u00e9ventive, \u00e9ducative et solidaire, et elle est fond\u00e9e sur l\u2019id\u00e9e que chacun m\u00e9rite de vivre dans un monde o\u00f9 la sant\u00e9 n\u2019est pas un privil\u00e8ge, mais un droit universel.<\/p>\n\n\n\n<p>Nous sommes convaincus que c&#8217;est \u00e0 travers des actions concr\u00e8tes, des partenariats solides et un engagement de tous les acteurs que nous pourrons cr\u00e9er un futur o\u00f9 la sant\u00e9 est accessible \u00e0 tous, respectueuse de l\u2019environnement et capable de r\u00e9pondre aux d\u00e9fis du XXIe si\u00e8cle. C\u2019est avec cet objectif en t\u00eate que <strong>EQTAS.E<\/strong> continue d\u2019\u0153uvrer pour une soci\u00e9t\u00e9 plus juste, plus pr\u00e9venante et plus solidaire en mati\u00e8re de sant\u00e9.<\/p>\n","protected":false},"excerpt":{"rendered":"<p>Introduction Chez EQTAS.E, nous croyons que la sant\u00e9 ne se limite pas simplement \u00e0 l&#8217;absence de maladie, mais qu&#8217;elle englobe le bien-\u00eatre physique, mental, social et \u00e9motionnel. Notre vision repose sur une approche int\u00e9gr\u00e9e de la sant\u00e9, qui consid\u00e8re chaque individu dans son environnement global et dans son parcours de vie. Nous aspirons \u00e0 un [&hellip;]<\/p>\n","protected":false},"author":1,"featured_media":0,"parent":0,"menu_order":0,"comment_status":"closed","ping_status":"closed","template":"","meta":{"saved_in_kubio":false,"footnotes":""},"class_list":["post-37","page","type-page","status-publish","hentry"],"kubio_ai_page_context":{"short_desc":"","purpose":"general"},"_links":{"self":[{"href":"https:\/\/eqtas-e.xyz\/index.php\/wp-json\/wp\/v2\/pages\/37","targetHints":{"allow":["GET"]}}],"collection":[{"href":"https:\/\/eqtas-e.xyz\/index.php\/wp-json\/wp\/v2\/pages"}],"about":[{"href":"https:\/\/eqtas-e.xyz\/index.php\/wp-json\/wp\/v2\/types\/page"}],"author":[{"embeddable":true,"href":"https:\/\/eqtas-e.xyz\/index.php\/wp-json\/wp\/v2\/users\/1"}],"replies":[{"embeddable":true,"href":"https:\/\/eqtas-e.xyz\/index.php\/wp-json\/wp\/v2\/comments?post=37"}],"version-history":[{"count":1,"href":"https:\/\/eqtas-e.xyz\/index.php\/wp-json\/wp\/v2\/pages\/37\/revisions"}],"predecessor-version":[{"id":44,"href":"https:\/\/eqtas-e.xyz\/index.php\/wp-json\/wp\/v2\/pages\/37\/revisions\/44"}],"wp:attachment":[{"href":"https:\/\/eqtas-e.xyz\/index.php\/wp-json\/wp\/v2\/media?parent=37"}],"curies":[{"name":"wp","href":"https:\/\/api.w.org\/{rel}","templated":true}]}}